{"id":1468,"date":"2018-02-19T11:53:19","date_gmt":"2018-02-19T11:53:19","guid":{"rendered":"http:\/\/jadek-pensa.si\/\/arbeitsfelder\/varstvo-osebnih-podatkov\/"},"modified":"2019-02-12T09:13:03","modified_gmt":"2019-02-12T09:13:03","slug":"schutz-personenbezogener-daten","status":"publish","type":"page","link":"https:\/\/www.jadek-pensa.si\/de\/arbeitsfelder\/schutz-personenbezogener-daten\/","title":{"rendered":"Schutz personenbezogener Daten"},"content":{"rendered":"<p>Neue Informations- und Kommunikationstechnologien erm\u00f6glichen die Erfassung und Verarbeitung gro\u00dfer Datenmengen f\u00fcr verschiedene Zwecke. Die Vorschriften auf EU-Ebene sowie auch auf nationaler Ebene enthalten besondere Regeln und Einschr\u00e4nkungen, die die Unternehmen und Einzelpersonen bei der Erfassung und Verarbeitung personenbezogener Daten verschiedener Beteiligten (Angestellter, Kunden, Lieferanten usw.) einhalten m\u00fcssen.<\/p>\n<p>Unsere Kanzlei bietet den Kunden ganzheitliche Beratung \u00fcber den Schutz personenbezogener Daten. Wir bieten den Kunden die Pr\u00fcfung, ob ihre Gesch\u00e4ftst\u00e4tigkeit im Einklang mit den Vorschriften \u00fcber den Schutz personenbezogener Daten ist (Pr\u00fcfung der Dokumente und abgeschlossener Vereinbarungen und Analyse ihrer Einhaltung der Vorschriften \u00fcber den Schutz personenbezogener Daten), wir erstellen Dokumentenentw\u00fcrfe bez\u00fcglich personenbezogener Daten und schlagen Erg\u00e4nzungen vor, um zu gew\u00e4hrleisten, dass die Gesch\u00e4ftst\u00e4tigkeit im Einklang mit den Vorschriften steht.<\/p>\n<p>Wir f\u00fchren auch Ausbildungen f\u00fcr Angestellte in Unternehmen aus, die die Angestellten \u00fcber ihre bei ihrer Arbeit auftretenden Pflichten im Zusammenhang mit dem Schutz personenbezogener Daten informieren sollen, sie \u00fcber Neuerungen in den Vorschriften bzw. in der Praxis benachrichtigen sollen und zu einer Diskussion \u00fcber konkrete Dilemmas der Angestellten f\u00fchren sollen. Die Vermeidung von Verletzungen der Vorschriften \u00fcber den Schutz personenbezogener Daten ist n\u00e4mlich kein Selbstzweck, sondern ist auch sinnvoll und wirtschaftlich, unter Ber\u00fccksichtigung nachteiliger Auswirkungen im Falle aufgedeckter Verst\u00f6\u00dfe.<\/p>\n<p>Wir beraten die Kunden auch in Verfahren der \u00dcbermittlung personenbezogener Daten in Drittl\u00e4nder und vertreten sie im Zusammenhang damit in Verfahren vor der nationalen Beh\u00f6rde f\u00fcr den Schutz personenbezogener Daten.<\/p>\n<p><span lang=\"DE\">Unsere Kanzlei bietet auch Kundenvertretung in allen Verfahren vor der nationalen Beh\u00f6rde f\u00fcr den Schutz personenbezogener Daten (vor dem Informationsbeauftragter) sowie auch in damit verbundenen Gerichtsverfahren. <\/span><\/p>\n","protected":false},"excerpt":{"rendered":"<p>Neue Informations- und Kommunikationstechnologien erm\u00f6glichen die Erfassung und Verarbeitung gro\u00dfer Datenmengen f\u00fcr verschiedene Zwecke. Die Vorschriften auf EU-Ebene sowie auch auf nationaler Ebene enthalten besondere Regeln und Einschr\u00e4nkungen, die die Unternehmen und Einzelpersonen bei der Erfassung und Verarbeitung personenbezogener Daten verschiedener Beteiligten (Angestellter, Kunden, Lieferanten usw.) einhalten m\u00fcssen. Unsere Kanzlei bietet den Kunden ganzheitliche Beratung<\/p>\n","protected":false},"author":8,"featured_media":0,"parent":653,"menu_order":115,"comment_status":"closed","ping_status":"closed","template":"page-templates\/fields-of-work.php","meta":{"_acf_changed":false,"footnotes":""},"class_list":["post-1468","page","type-page","status-publish","hentry"],"acf":[],"yoast_head":"<!-- This site is optimized with the Yoast SEO plugin v27.4 - https:\/\/yoast.com\/product\/yoast-seo-wordpress\/ -->\n<title>Schutz personenbezogener Daten - Jadek &amp; Pensa<\/title>\n<meta name=\"robots\" content=\"index, follow, max-snippet:-1, max-image-preview:large, max-video-preview:-1\" \/>\n<link rel=\"canonical\" href=\"https:\/\/www.jadek-pensa.si\/de\/arbeitsfelder\/schutz-personenbezogener-daten\/\" \/>\n<meta property=\"og:locale\" content=\"de_DE\" \/>\n<meta property=\"og:type\" content=\"article\" \/>\n<meta property=\"og:title\" content=\"Schutz personenbezogener Daten - Jadek &amp; Pensa\" \/>\n<meta property=\"og:description\" content=\"Neue Informations- und Kommunikationstechnologien erm\u00f6glichen die Erfassung und Verarbeitung gro\u00dfer Datenmengen f\u00fcr verschiedene Zwecke. Die Vorschriften auf EU-Ebene sowie auch auf nationaler Ebene enthalten besondere Regeln und Einschr\u00e4nkungen, die die Unternehmen und Einzelpersonen bei der Erfassung und Verarbeitung personenbezogener Daten verschiedener Beteiligten (Angestellter, Kunden, Lieferanten usw.) einhalten m\u00fcssen. Unsere Kanzlei bietet den Kunden ganzheitliche Beratung\" \/>\n<meta property=\"og:url\" content=\"https:\/\/www.jadek-pensa.si\/de\/arbeitsfelder\/schutz-personenbezogener-daten\/\" \/>\n<meta property=\"og:site_name\" content=\"Jadek &amp; Pensa\" \/>\n<meta property=\"article:modified_time\" content=\"2019-02-12T09:13:03+00:00\" \/>\n<meta property=\"og:image\" content=\"https:\/\/www.jadek-pensa.si\/wp-content\/uploads\/2024\/12\/social-image-scaled.jpg\" \/>\n\t<meta property=\"og:image:width\" content=\"2560\" \/>\n\t<meta property=\"og:image:height\" content=\"1440\" \/>\n\t<meta property=\"og:image:type\" content=\"image\/jpeg\" \/>\n<meta name=\"twitter:card\" content=\"summary_large_image\" \/>\n<meta name=\"twitter:label1\" content=\"Gesch\u00e4tzte Lesezeit\" \/>\n\t<meta name=\"twitter:data1\" content=\"1\u00a0Minute\" \/>\n<script type=\"application\/ld+json\" class=\"yoast-schema-graph\">{\"@context\":\"https:\\\/\\\/schema.org\",\"@graph\":[{\"@type\":\"WebPage\",\"@id\":\"https:\\\/\\\/www.jadek-pensa.si\\\/de\\\/arbeitsfelder\\\/schutz-personenbezogener-daten\\\/\",\"url\":\"https:\\\/\\\/www.jadek-pensa.si\\\/de\\\/arbeitsfelder\\\/schutz-personenbezogener-daten\\\/\",\"name\":\"Schutz personenbezogener Daten - Jadek &amp; Pensa\",\"isPartOf\":{\"@id\":\"https:\\\/\\\/www.jadek-pensa.si\\\/de\\\/#website\"},\"datePublished\":\"2018-02-19T11:53:19+00:00\",\"dateModified\":\"2019-02-12T09:13:03+00:00\",\"breadcrumb\":{\"@id\":\"https:\\\/\\\/www.jadek-pensa.si\\\/de\\\/arbeitsfelder\\\/schutz-personenbezogener-daten\\\/#breadcrumb\"},\"inLanguage\":\"de\",\"potentialAction\":[{\"@type\":\"ReadAction\",\"target\":[\"https:\\\/\\\/www.jadek-pensa.si\\\/de\\\/arbeitsfelder\\\/schutz-personenbezogener-daten\\\/\"]}]},{\"@type\":\"BreadcrumbList\",\"@id\":\"https:\\\/\\\/www.jadek-pensa.si\\\/de\\\/arbeitsfelder\\\/schutz-personenbezogener-daten\\\/#breadcrumb\",\"itemListElement\":[{\"@type\":\"ListItem\",\"position\":1,\"name\":\"Home\",\"item\":\"https:\\\/\\\/www.jadek-pensa.si\\\/de\\\/\"},{\"@type\":\"ListItem\",\"position\":2,\"name\":\"Arbeitsfelder\",\"item\":\"https:\\\/\\\/www.jadek-pensa.si\\\/de\\\/arbeitsfelder\\\/\"},{\"@type\":\"ListItem\",\"position\":3,\"name\":\"Schutz personenbezogener Daten\"}]},{\"@type\":\"WebSite\",\"@id\":\"https:\\\/\\\/www.jadek-pensa.si\\\/de\\\/#website\",\"url\":\"https:\\\/\\\/www.jadek-pensa.si\\\/de\\\/\",\"name\":\"Jadek &amp; Pensa\",\"description\":\"\",\"potentialAction\":[{\"@type\":\"SearchAction\",\"target\":{\"@type\":\"EntryPoint\",\"urlTemplate\":\"https:\\\/\\\/www.jadek-pensa.si\\\/de\\\/?s={search_term_string}\"},\"query-input\":{\"@type\":\"PropertyValueSpecification\",\"valueRequired\":true,\"valueName\":\"search_term_string\"}}],\"inLanguage\":\"de\"}]}<\/script>\n<!-- \/ Yoast SEO plugin. -->","yoast_head_json":{"title":"Schutz personenbezogener Daten - Jadek &amp; Pensa","robots":{"index":"index","follow":"follow","max-snippet":"max-snippet:-1","max-image-preview":"max-image-preview:large","max-video-preview":"max-video-preview:-1"},"canonical":"https:\/\/www.jadek-pensa.si\/de\/arbeitsfelder\/schutz-personenbezogener-daten\/","og_locale":"de_DE","og_type":"article","og_title":"Schutz personenbezogener Daten - Jadek &amp; Pensa","og_description":"Neue Informations- und Kommunikationstechnologien erm\u00f6glichen die Erfassung und Verarbeitung gro\u00dfer Datenmengen f\u00fcr verschiedene Zwecke. Die Vorschriften auf EU-Ebene sowie auch auf nationaler Ebene enthalten besondere Regeln und Einschr\u00e4nkungen, die die Unternehmen und Einzelpersonen bei der Erfassung und Verarbeitung personenbezogener Daten verschiedener Beteiligten (Angestellter, Kunden, Lieferanten usw.) einhalten m\u00fcssen. Unsere Kanzlei bietet den Kunden ganzheitliche Beratung","og_url":"https:\/\/www.jadek-pensa.si\/de\/arbeitsfelder\/schutz-personenbezogener-daten\/","og_site_name":"Jadek &amp; Pensa","article_modified_time":"2019-02-12T09:13:03+00:00","og_image":[{"width":2560,"height":1440,"url":"https:\/\/www.jadek-pensa.si\/wp-content\/uploads\/2024\/12\/social-image-scaled.jpg","type":"image\/jpeg"}],"twitter_card":"summary_large_image","twitter_misc":{"Gesch\u00e4tzte Lesezeit":"1\u00a0Minute"},"schema":{"@context":"https:\/\/schema.org","@graph":[{"@type":"WebPage","@id":"https:\/\/www.jadek-pensa.si\/de\/arbeitsfelder\/schutz-personenbezogener-daten\/","url":"https:\/\/www.jadek-pensa.si\/de\/arbeitsfelder\/schutz-personenbezogener-daten\/","name":"Schutz personenbezogener Daten - Jadek &amp; Pensa","isPartOf":{"@id":"https:\/\/www.jadek-pensa.si\/de\/#website"},"datePublished":"2018-02-19T11:53:19+00:00","dateModified":"2019-02-12T09:13:03+00:00","breadcrumb":{"@id":"https:\/\/www.jadek-pensa.si\/de\/arbeitsfelder\/schutz-personenbezogener-daten\/#breadcrumb"},"inLanguage":"de","potentialAction":[{"@type":"ReadAction","target":["https:\/\/www.jadek-pensa.si\/de\/arbeitsfelder\/schutz-personenbezogener-daten\/"]}]},{"@type":"BreadcrumbList","@id":"https:\/\/www.jadek-pensa.si\/de\/arbeitsfelder\/schutz-personenbezogener-daten\/#breadcrumb","itemListElement":[{"@type":"ListItem","position":1,"name":"Home","item":"https:\/\/www.jadek-pensa.si\/de\/"},{"@type":"ListItem","position":2,"name":"Arbeitsfelder","item":"https:\/\/www.jadek-pensa.si\/de\/arbeitsfelder\/"},{"@type":"ListItem","position":3,"name":"Schutz personenbezogener Daten"}]},{"@type":"WebSite","@id":"https:\/\/www.jadek-pensa.si\/de\/#website","url":"https:\/\/www.jadek-pensa.si\/de\/","name":"Jadek &amp; Pensa","description":"","potentialAction":[{"@type":"SearchAction","target":{"@type":"EntryPoint","urlTemplate":"https:\/\/www.jadek-pensa.si\/de\/?s={search_term_string}"},"query-input":{"@type":"PropertyValueSpecification","valueRequired":true,"valueName":"search_term_string"}}],"inLanguage":"de"}]}},"_links":{"self":[{"href":"https:\/\/www.jadek-pensa.si\/de\/wp-json\/wp\/v2\/pages\/1468","targetHints":{"allow":["GET"]}}],"collection":[{"href":"https:\/\/www.jadek-pensa.si\/de\/wp-json\/wp\/v2\/pages"}],"about":[{"href":"https:\/\/www.jadek-pensa.si\/de\/wp-json\/wp\/v2\/types\/page"}],"author":[{"embeddable":true,"href":"https:\/\/www.jadek-pensa.si\/de\/wp-json\/wp\/v2\/users\/8"}],"replies":[{"embeddable":true,"href":"https:\/\/www.jadek-pensa.si\/de\/wp-json\/wp\/v2\/comments?post=1468"}],"version-history":[{"count":0,"href":"https:\/\/www.jadek-pensa.si\/de\/wp-json\/wp\/v2\/pages\/1468\/revisions"}],"up":[{"embeddable":true,"href":"https:\/\/www.jadek-pensa.si\/de\/wp-json\/wp\/v2\/pages\/653"}],"wp:attachment":[{"href":"https:\/\/www.jadek-pensa.si\/de\/wp-json\/wp\/v2\/media?parent=1468"}],"curies":[{"name":"wp","href":"https:\/\/api.w.org\/{rel}","templated":true}]}}